{"id":16017,"date":"2015-06-19T21:47:20","date_gmt":"2015-06-19T19:47:20","guid":{"rendered":"https:\/\/www.orangohotel.com\/pt-pt\/?post_type=avada_portfolio&#038;p=16017"},"modified":"2024-09-23T19:22:14","modified_gmt":"2024-09-23T17:22:14","slug":"saida-especial-carnaval-carnaval-no-parque-nacional-de-orango-tradicao-cultura-e-natureza-na-guine-bissau","status":"publish","type":"avada_portfolio","link":"https:\/\/www.orangohotel.com\/pt-pt\/portfolio\/saida-especial-carnaval-carnaval-no-parque-nacional-de-orango-tradicao-cultura-e-natureza-na-guine-bissau\/","title":{"rendered":"CARNAVAL DE BISSAU"},"content":{"rendered":"<p><div class=\"fusion-fullwidth fullwidth-box fusion-builder-row-1 nonhundred-percent-fullwidth non-hundred-percent-height-scrolling\" style=\"--awb-border-radius-top-left:0px;--awb-border-radius-top-right:0px;--awb-border-radius-bottom-right:0px;--awb-border-radius-bottom-left:0px;--awb-margin-top:-4%;--awb-flex-wrap:wrap;\" ><div class=\"fusion-builder-row fusion-row\"><div class=\"fusion-layout-column fusion_builder_column fusion-builder-column-0 fusion_builder_column_1_1 1_1 fusion-one-full fusion-column-first fusion-column-last fusion-column-no-min-height\" style=\"--awb-bg-size:cover;--awb-margin-bottom:0px;\"><div class=\"fusion-column-wrapper fusion-flex-column-wrapper-legacy\"><div class=\"fusion-text fusion-text-1\"><h1 style=\"text-align: center;\">Sa\u00edda especial carnaval. Carnaval de Bissau. tradi\u00e7\u00e3o, cultura e natureza na Guin\u00e9 Bissau.<\/h1>\n<\/div><div class=\"fusion-sep-clear\"><\/div><div class=\"fusion-separator fusion-full-width-sep\" style=\"margin-left: auto;margin-right: auto;margin-top:15px;margin-bottom:15px;width:100%;\"><\/div><div class=\"fusion-sep-clear\"><\/div><div class=\"fusion-clearfix\"><\/div><\/div><\/div><div class=\"fusion-layout-column fusion_builder_column fusion-builder-column-1 fusion_builder_column_1_2 1_2 fusion-one-half fusion-column-first\" style=\"--awb-bg-size:cover;width:48%; margin-right: 4%;\"><div class=\"fusion-column-wrapper fusion-flex-column-wrapper-legacy\"><div class=\"fusion-slider-sc fusion-flexslider-loading flexslider flexslider-hover-type-none\" data-slideshow_autoplay=\"1\" data-slideshow_smooth_height=\"0\" data-slideshow_speed=\"7000\" style=\"max-width:100%;height:100%;\"><ul class=\"slides\"><li class=\"image\"><span class=\"fusion-image-hover-element hover-type-none\"><img decoding=\"async\" src=\"https:\/\/www.orangohotel.com\/wp-content\/uploads\/2015\/06\/antropologico-2.jpg\" width=\"528\" height=\"297\" \/><\/span><\/li><li class=\"image\"><span class=\"fusion-image-hover-element hover-type-none\"><img decoding=\"async\" src=\"https:\/\/www.orangohotel.com\/wp-content\/uploads\/2015\/06\/antropologico-3.jpg\" width=\"528\" height=\"297\" \/><\/span><\/li><li class=\"image\"><span class=\"fusion-image-hover-element hover-type-none\"><img decoding=\"async\" src=\"https:\/\/www.orangohotel.com\/wp-content\/uploads\/2015\/06\/antropologico-6.jpg\" width=\"528\" height=\"297\" \/><\/span><\/li><li class=\"image\"><span class=\"fusion-image-hover-element hover-type-none\"><img decoding=\"async\" src=\"https:\/\/www.orangohotel.com\/wp-content\/uploads\/2015\/06\/GUI3785.jpg\" width=\"528\" height=\"352\" \/><\/span><\/li><li class=\"image\"><span class=\"fusion-image-hover-element hover-type-none\"><img decoding=\"async\" src=\"https:\/\/www.orangohotel.com\/wp-content\/uploads\/2015\/06\/antropologico-7.jpg\" width=\"528\" height=\"297\" \/><\/span><\/li><\/ul><\/div><div class=\"fusion-clearfix\"><\/div><\/div><\/div><div class=\"fusion-layout-column fusion_builder_column fusion-builder-column-2 fusion_builder_column_1_2 1_2 fusion-one-half fusion-column-last\" style=\"--awb-bg-size:cover;width:48%;\"><div class=\"fusion-column-wrapper fusion-flex-column-wrapper-legacy\"><div class=\"fusion-title title fusion-title-1 fusion-sep-none fusion-title-text fusion-title-size-three\"><h3 class=\"fusion-title-heading title-heading-left fusion-responsive-typography-calculated\" style=\"margin:0;--fontSize:17;--minFontSize:17;line-height:1.41;\"><span style=\"color: #336e6a;\">CARACTER\u00cdSTICAS<\/span><\/h3><\/div><ul style=\"--awb-size:13px;--awb-iconcolor:#336e6a;--awb-line-height:22.1px;--awb-icon-width:22.1px;--awb-icon-height:22.1px;--awb-icon-margin:9.1px;--awb-content-margin:31.2px;\" class=\"fusion-checklist fusion-checklist-1 fusion-checklist-default type-icons\"><li class=\"fusion-li-item\" style=\"\"><span class=\"icon-wrapper circle-no\"><i class=\"fusion-li-icon fa-star fas\" aria-hidden=\"true\"><\/i><\/span><div class=\"fusion-li-item-content\"><strong>Dura\u00e7\u00e3o: <\/strong>8 dias \/ 7 noites<\/div><\/li><li class=\"fusion-li-item\" style=\"\"><span class=\"icon-wrapper circle-no\"><i class=\"fusion-li-icon fa-star fas\" aria-hidden=\"true\"><\/i><\/span><div class=\"fusion-li-item-content\"><strong>Tipo de viagem:<\/strong> Antropologia, Cultura, Ecoturismo e Natureza.<\/div><\/li><li class=\"fusion-li-item\" style=\"\"><span class=\"icon-wrapper circle-no\"><i class=\"fusion-li-icon fa-star fas\" aria-hidden=\"true\"><\/i><\/span><div class=\"fusion-li-item-content\"><strong>Alojamento:<\/strong> Orango Parque Hotel, Hotel Imperio\/Ceiba em Bissau, Hotel Mar Azul\/7Dias em Quinhamel.<\/div><\/li><li class=\"fusion-li-item\" style=\"\"><span class=\"icon-wrapper circle-no\"><i class=\"fusion-li-icon fa-star fas\" aria-hidden=\"true\"><\/i><\/span><div class=\"fusion-li-item-content\"><strong>Regime:<\/strong> Pens\u00e3o completa.<\/div><\/li><li class=\"fusion-li-item\" style=\"\"><span class=\"icon-wrapper circle-no\"><i class=\"fusion-li-icon fa-star fas\" aria-hidden=\"true\"><\/i><\/span><div class=\"fusion-li-item-content\"><strong>Transporte:<\/strong> Barco e minibus\/carro.<\/div><\/li><li class=\"fusion-li-item\" style=\"\"><span class=\"icon-wrapper circle-no\"><i class=\"fusion-li-icon fa-star fas\" aria-hidden=\"true\"><\/i><\/span><div class=\"fusion-li-item-content\"><strong>Guia\u00a0local:<\/strong> Espanhol, ingl\u00eas e portugu\u00eas.<\/div><\/li><\/ul><div class=\"fusion-clearfix\"><\/div><\/div><\/div><div class=\"fusion-layout-column fusion_builder_column fusion-builder-column-3 fusion_builder_column_1_1 1_1 fusion-one-full fusion-column-first fusion-column-last fusion-column-no-min-height\" style=\"--awb-bg-size:cover;--awb-margin-bottom:0px;\"><div class=\"fusion-column-wrapper fusion-flex-column-wrapper-legacy\"><div class=\"fusion-title title fusion-title-2 fusion-sep-none fusion-title-text fusion-title-size-three\"><h3 class=\"fusion-title-heading title-heading-left fusion-responsive-typography-calculated\" style=\"margin:0;--fontSize:17;--minFontSize:17;line-height:1.41;\"><span style=\"color: #336e6a;\">DESCRI\u00c7\u00c3O DA VIAGEM<\/span><\/h3><\/div><div class=\"fusion-clearfix\"><\/div><\/div><\/div><div class=\"fusion-layout-column fusion_builder_column fusion-builder-column-4 fusion_builder_column_1_3 1_3 fusion-one-third fusion-column-first\" style=\"--awb-bg-size:cover;width:30.6666%; margin-right: 4%;\"><div class=\"fusion-column-wrapper fusion-flex-column-wrapper-legacy\"><div class=\"fusion-text fusion-text-2\"><p>Neste Carnaval propomos-lhe descobrir a Guin\u00e9 Bissau e mergulhar na cultura Bijag\u00f3 numa das suas manifesta\u00e7\u00f5es mais interessantes, o Carnaval.<\/p>\n<p>Come\u00e7a com a chegada, desde as ilhas, da comparsa das ilhas Bijag\u00f3s cheias <strong>de cor, ritmo e tradi\u00e7\u00e3o<\/strong>. Assistiremos a um carnaval diferente, um espet\u00e1culo que cativa o espetador com a sua magia, a for\u00e7a das suas representa\u00e7\u00f5es culturais, as suas dan\u00e7as tradicionais e a m\u00fasica Bijag\u00f3 que conquista todo o cen\u00e1rio. Uma viagem transbordante de cultura e tradi\u00e7\u00e3o.<\/p>\n<\/div><div class=\"fusion-clearfix\"><\/div><\/div><\/div><div class=\"fusion-layout-column fusion_builder_column fusion-builder-column-5 fusion_builder_column_1_3 1_3 fusion-one-third\" style=\"--awb-bg-size:cover;width:30.6666%; margin-right: 4%;\"><div class=\"fusion-column-wrapper fusion-flex-column-wrapper-legacy\"><div class=\"fusion-text fusion-text-3\"><p>Uma viagem que combina na perfei\u00e7\u00e3o a tradi\u00e7\u00e3o cultural e o ecoturismo. Percorremos o <strong>Parque Nacional de Orango<\/strong> para conhecer a sua fauna selvagem e as belas paisagens de ilhas, savanas e mangais enquanto percorremos diversas tabankas ou povoa\u00e7\u00f5es.<\/p>\n<p>Visitaremos a regi\u00e3o de Anor para ver de perto o <strong>hipop\u00f3tamo marinho<\/strong> e iremos \u00e0 ilha de Canogo repleta de enormes e abundantes ceibas de mais de 3 metros de altura.<\/p>\n<\/div><div class=\"fusion-clearfix\"><\/div><\/div><\/div><div class=\"fusion-layout-column fusion_builder_column fusion-builder-column-6 fusion_builder_column_1_3 1_3 fusion-one-third fusion-column-last\" style=\"--awb-bg-size:cover;width:30.6666%;\"><div class=\"fusion-column-wrapper fusion-flex-column-wrapper-legacy\"><div class=\"fusion-text fusion-text-4\"><p>Mais que uma viagem, um espet\u00e1culo cheio de magia e tradi\u00e7\u00e3o cultural num cen\u00e1rio natural de inigual\u00e1vel beleza.<\/p>\n<\/div><div class=\"fusion-clearfix\"><\/div><\/div><\/div><div class=\"fusion-layout-column fusion_builder_column fusion-builder-column-7 fusion_builder_column_1_1 1_1 fusion-one-full fusion-column-first fusion-column-last fusion-column-no-min-height\" style=\"--awb-bg-size:cover;--awb-margin-bottom:0px;\"><div class=\"fusion-column-wrapper fusion-flex-column-wrapper-legacy\"><div class=\"fusion-sep-clear\"><\/div><div class=\"fusion-separator fusion-full-width-sep\" style=\"margin-left: auto;margin-right: auto;margin-top:20px;margin-bottom:20px;width:100%;\"><\/div><div class=\"fusion-sep-clear\"><\/div><div class=\"fusion-clearfix\"><\/div><\/div><\/div><div class=\"fusion-layout-column fusion_builder_column fusion-builder-column-8 fusion_builder_column_1_3 1_3 fusion-one-third fusion-column-first\" style=\"--awb-bg-size:cover;width:30.6666%; margin-right: 4%;\"><div class=\"fusion-column-wrapper fusion-flex-column-wrapper-legacy\"><div class=\"fusion-title title fusion-title-3 fusion-sep-none fusion-title-text fusion-title-size-three\"><h3 class=\"fusion-title-heading title-heading-left fusion-responsive-typography-calculated\" style=\"margin:0;--fontSize:17;--minFontSize:17;line-height:1.41;\"><span style=\"color: #336e6a;\">PRE\u00c7OS POR PESSOA <\/span><\/h3><\/div><div class=\"fusion-text fusion-text-5\"><div class=\"table-1\">\n<table width=\"100%\">\n<thead>\n<tr>\n<th style=\"text-align: center;\" colspan=\"2\">GRUPO M\u00cdN\/MAX: 6\/20 VIAJANTES<\/th>\n<\/tr>\n<\/thead>\n<tbody>\n<tr>\n<td>Pre\u00e7o Base<\/td>\n<td>1.530\u20ac<\/td>\n<\/tr>\n<tr>\n<td>Suplemento Individual<\/td>\n<td>260\u20ac<\/td>\n<\/tr>\n<tr>\n<td>Suplemento Especial<\/td>\n<td>150\u20ac<\/td>\n<\/tr>\n<tr>\n<td>Supl. Grupo 6-8<br \/>\n(ambos inclusive)<\/td>\n<td>135\u20ac<\/td>\n<\/tr>\n<\/tbody>\n<\/table>\n<\/div>\n<\/div><div class=\"fusion-clearfix\"><\/div><\/div><\/div><div class=\"fusion-layout-column fusion_builder_column fusion-builder-column-9 fusion_builder_column_1_3 1_3 fusion-one-third\" style=\"--awb-bg-size:cover;width:30.6666%; margin-right: 4%;\"><div class=\"fusion-column-wrapper fusion-flex-column-wrapper-legacy\"><div class=\"fusion-title title fusion-title-4 fusion-sep-none fusion-title-text fusion-title-size-three\"><h3 class=\"fusion-title-heading title-heading-left fusion-responsive-typography-calculated\" style=\"margin:0;--fontSize:17;--minFontSize:17;line-height:1.41;\"><span style=\"color: #336e6a;\">O PRE\u00c7O INCLUI<\/span><\/h3><\/div><div class=\"accordian fusion-accordian\" style=\"--awb-border-size:1px;--awb-icon-size:13px;--awb-content-font-size:14px;--awb-icon-alignment:left;--awb-hover-color:#f9f9f9;--awb-border-color:#cccccc;--awb-background-color:#ffffff;--awb-divider-color:#336e6a;--awb-divider-hover-color:#336e6a;--awb-icon-color:#ffffff;--awb-title-color:#212934;--awb-content-color:#424242;--awb-icon-box-color:#336e6a;--awb-toggle-hover-accent-color:#336e6a;--awb-title-font-family:&quot;Open Sans&quot;;--awb-title-font-weight:400;--awb-title-font-style:normal;--awb-title-font-size:16px;--awb-content-font-family:&quot;Open Sans&quot;;--awb-content-font-style:normal;--awb-content-font-weight:400;\"><div class=\"panel-group fusion-toggle-icon-boxed\" id=\"accordion-16017-1\"><div class=\"fusion-panel panel-default panel-3743befe84c7a2a93 fusion-toggle-has-divider\"><div class=\"panel-heading\"><h4 class=\"panel-title toggle\" id=\"toggle_3743befe84c7a2a93\"><a class=\"active\" aria-expanded=\"true\" aria-controls=\"3743befe84c7a2a93\" role=\"button\" data-toggle=\"collapse\" data-parent=\"#accordion-16017-1\" data-target=\"#3743befe84c7a2a93\" href=\"#3743befe84c7a2a93\"><span class=\"fusion-toggle-icon-wrapper\" aria-hidden=\"true\"><i class=\"fa-fusion-box active-icon awb-icon-minus\" aria-hidden=\"true\"><\/i><i class=\"fa-fusion-box inactive-icon awb-icon-plus\" aria-hidden=\"true\"><\/i><\/span><span class=\"fusion-toggle-heading\">INCLUI<\/span><\/a><\/h4><\/div><div id=\"3743befe84c7a2a93\" class=\"panel-collapse collapse in\" aria-labelledby=\"toggle_3743befe84c7a2a93\"><div class=\"panel-body toggle-content fusion-clearfix\">\n<ul>\n<li>Transportes de entrada e sa\u00edda do aeroporto Bissau<\/li>\n<li>Transportes interiores terrestres e mar\u00edtimos<\/li>\n<li>Alojamento em Pens\u00e3o completa<\/li>\n<li>Entradas no Parque Nacional e visitas indicadas no itiner\u00e1rio<\/li>\n<\/ul>\n<\/div><\/div><\/div><div class=\"fusion-panel panel-default panel-ce802878e0064e726 fusion-toggle-has-divider\"><div class=\"panel-heading\"><h4 class=\"panel-title toggle\" id=\"toggle_ce802878e0064e726\"><a aria-expanded=\"false\" aria-controls=\"ce802878e0064e726\" role=\"button\" data-toggle=\"collapse\" data-parent=\"#accordion-16017-1\" data-target=\"#ce802878e0064e726\" href=\"#ce802878e0064e726\"><span class=\"fusion-toggle-icon-wrapper\" aria-hidden=\"true\"><i class=\"fa-fusion-box active-icon awb-icon-minus\" aria-hidden=\"true\"><\/i><i class=\"fa-fusion-box inactive-icon awb-icon-plus\" aria-hidden=\"true\"><\/i><\/span><span class=\"fusion-toggle-heading\">N\u00c3O INCLUI<\/span><\/a><\/h4><\/div><div id=\"ce802878e0064e726\" class=\"panel-collapse collapse \" aria-labelledby=\"toggle_ce802878e0064e726\"><div class=\"panel-body toggle-content fusion-clearfix\">\n<ul>\n<li>Voos internacionais<\/li>\n<li>Tasas a\u00e9reas<\/li>\n<li>Visto<\/li>\n<li>Bebidas<\/li>\n<li>Taxas<\/li>\n<li>Qualquer outro ponto n\u00e3o indicado no ponto &#8220;INCLUI&#8221;<\/li>\n<\/ul>\n<\/div><\/div><\/div><\/div><\/div><div class=\"fusion-clearfix\"><\/div><\/div><\/div><div class=\"fusion-layout-column fusion_builder_column fusion-builder-column-10 fusion_builder_column_1_3 1_3 fusion-one-third fusion-column-last\" style=\"--awb-bg-size:cover;width:30.6666%;\"><div class=\"fusion-column-wrapper fusion-flex-column-wrapper-legacy\"><div class=\"fusion-title title fusion-title-5 fusion-sep-none fusion-title-text fusion-title-size-three\"><h3 class=\"fusion-title-heading title-heading-left fusion-responsive-typography-calculated\" style=\"margin:0;--fontSize:17;--minFontSize:17;line-height:1.41;\"><span style=\"color: #336e6a;\">DATAS DE SA\u00cdDA<\/span><\/h3><\/div><ul style=\"--awb-size:13px;--awb-iconcolor:#336e6a;--awb-line-height:22.1px;--awb-icon-width:22.1px;--awb-icon-height:22.1px;--awb-icon-margin:9.1px;--awb-content-margin:31.2px;\" class=\"fusion-checklist fusion-checklist-2 fusion-checklist-default type-icons\"><li class=\"fusion-li-item\" style=\"\"><span class=\"icon-wrapper circle-no\"><i class=\"fusion-li-icon fa-check fas\" aria-hidden=\"true\"><\/i><\/span><div class=\"fusion-li-item-content\">13 Fevereiro 2021<\/div><\/li><\/ul><div class=\"fusion-sep-clear\"><\/div><div class=\"fusion-separator fusion-full-width-sep\" style=\"margin-left: auto;margin-right: auto;margin-top:20px;margin-bottom:20px;width:100%;\"><\/div><div class=\"fusion-sep-clear\"><\/div><div class=\"fusion-clearfix\"><\/div><\/div><\/div><\/div><\/div><div class=\"fusion-fullwidth fullwidth-box fusion-builder-row-2 hundred-percent-fullwidth non-hundred-percent-height-scrolling\" style=\"--awb-border-radius-top-left:0px;--awb-border-radius-top-right:0px;--awb-border-radius-bottom-right:0px;--awb-border-radius-bottom-left:0px;--awb-overflow:visible;--awb-flex-wrap:wrap;\" ><div class=\"fusion-builder-row fusion-row\"><div class=\"fusion-layout-column fusion_builder_column fusion-builder-column-11 fusion_builder_column_1_1 1_1 fusion-one-full fusion-column-first fusion-column-last fusion-column-no-min-height\" style=\"--awb-bg-size:cover;--awb-margin-bottom:0px;\"><div class=\"fusion-column-wrapper fusion-flex-column-wrapper-legacy\"><div class=\"fusion-text fusion-text-6\"><blockquote>\n<p><strong>NOTA:<\/strong> O itiner\u00e1rio e as visitas podem sofrer altera\u00e7\u00e3o por decis\u00e3o da organiza\u00e7\u00e3o em fun\u00e7\u00e3o da meteorologia, hor\u00e1rio das mar\u00e9s ou do estado das rotas.<\/p>\n<\/blockquote>\n<div class=\"fusion-aligncenter\"><a class=\"fusion-button button-flat fusion-button-default-size button-custom fusion-button-default button-1 fusion-button-default-span fusion-button-default-type\" style=\"--button_accent_color:#ffffff;--button_border_color:#336e6a;--button_accent_hover_color:#ffffff;--button_border_hover_color:#336e6a;--button_gradient_top_color:#336e6a;--button_gradient_bottom_color:#336e6a;--button_gradient_top_color_hover:#336e6a;--button_gradient_bottom_color_hover:#336e6a;\" target=\"_self\" href=\"https:\/\/www.orangohotel.com\/pt-pt\/contacte-nos\/\"><span class=\"fusion-button-text awb-button__text awb-button__text--default\">Entre em contato conosco. Teremos o maior prazer em personalizar sua viagem<\/span><\/a><\/div>\n<\/div><div class=\"fusion-clearfix\"><\/div><\/div><\/div><\/div><\/div><\/p>\n","protected":false},"excerpt":{"rendered":"<p>Este carnaval os proponemos descubrir Guinea Bissau.<\/p>\n","protected":false},"author":1,"featured_media":19172,"menu_order":0,"comment_status":"closed","ping_status":"closed","template":"","format":"standard","meta":{"footnotes":""},"portfolio_category":[148],"portfolio_skills":[],"portfolio_tags":[],"class_list":["post-16017","avada_portfolio","type-avada_portfolio","status-publish","format-standard","has-post-thumbnail","hentry","portfolio_category-carnaval-pt-pt"],"yoast_head":"<!-- This site is optimized with the Yoast SEO plugin v27.0 - https:\/\/yoast.com\/product\/yoast-seo-wordpress\/ -->\n<title>CARNAVAL DE BISSAU - Hotel Orango na Guin\u00e9 Bissau<\/title>\n<meta name=\"robots\" content=\"index, follow, max-snippet:-1, max-image-preview:large, max-video-preview:-1\" \/>\n<link rel=\"canonical\" href=\"https:\/\/www.orangohotel.com\/pt-pt\/portfolio\/saida-especial-carnaval-carnaval-no-parque-nacional-de-orango-tradicao-cultura-e-natureza-na-guine-bissau\/\" \/>\n<meta property=\"og:locale\" content=\"pt_PT\" \/>\n<meta property=\"og:type\" content=\"article\" \/>\n<meta property=\"og:title\" content=\"CARNAVAL DE BISSAU - Hotel Orango na Guin\u00e9 Bissau\" \/>\n<meta property=\"og:description\" content=\"Este carnaval os proponemos descubrir Guinea Bissau.\" \/>\n<meta property=\"og:url\" content=\"https:\/\/www.orangohotel.com\/pt-pt\/portfolio\/saida-especial-carnaval-carnaval-no-parque-nacional-de-orango-tradicao-cultura-e-natureza-na-guine-bissau\/\" \/>\n<meta property=\"og:site_name\" content=\"Hotel Orango na Guin\u00e9 Bissau\" \/>\n<meta property=\"article:modified_time\" content=\"2024-09-23T17:22:14+00:00\" \/>\n<meta property=\"og:image\" content=\"https:\/\/www.orangohotel.com\/wp-content\/uploads\/2021\/03\/carnaval2-opt.jpg\" \/>\n\t<meta property=\"og:image:width\" content=\"446\" \/>\n\t<meta property=\"og:image:height\" content=\"297\" \/>\n\t<meta property=\"og:image:type\" content=\"image\/jpeg\" \/>\n<meta name=\"twitter:card\" content=\"summary_large_image\" \/>\n<meta name=\"twitter:label1\" content=\"Tempo estimado de leitura\" \/>\n\t<meta name=\"twitter:data1\" content=\"3 minutos\" \/>\n<script type=\"application\/ld+json\" class=\"yoast-schema-graph\">{\"@context\":\"https:\/\/schema.org\",\"@graph\":[{\"@type\":\"WebPage\",\"@id\":\"https:\/\/www.orangohotel.com\/pt-pt\/portfolio\/saida-especial-carnaval-carnaval-no-parque-nacional-de-orango-tradicao-cultura-e-natureza-na-guine-bissau\/\",\"url\":\"https:\/\/www.orangohotel.com\/pt-pt\/portfolio\/saida-especial-carnaval-carnaval-no-parque-nacional-de-orango-tradicao-cultura-e-natureza-na-guine-bissau\/\",\"name\":\"CARNAVAL DE BISSAU - Hotel Orango na Guin\u00e9 Bissau\",\"isPartOf\":{\"@id\":\"https:\/\/www.orangohotel.com\/#website\"},\"primaryImageOfPage\":{\"@id\":\"https:\/\/www.orangohotel.com\/pt-pt\/portfolio\/saida-especial-carnaval-carnaval-no-parque-nacional-de-orango-tradicao-cultura-e-natureza-na-guine-bissau\/#primaryimage\"},\"image\":{\"@id\":\"https:\/\/www.orangohotel.com\/pt-pt\/portfolio\/saida-especial-carnaval-carnaval-no-parque-nacional-de-orango-tradicao-cultura-e-natureza-na-guine-bissau\/#primaryimage\"},\"thumbnailUrl\":\"https:\/\/www.orangohotel.com\/wp-content\/uploads\/2021\/03\/carnaval2-opt.jpg\",\"datePublished\":\"2015-06-19T19:47:20+00:00\",\"dateModified\":\"2024-09-23T17:22:14+00:00\",\"breadcrumb\":{\"@id\":\"https:\/\/www.orangohotel.com\/pt-pt\/portfolio\/saida-especial-carnaval-carnaval-no-parque-nacional-de-orango-tradicao-cultura-e-natureza-na-guine-bissau\/#breadcrumb\"},\"inLanguage\":\"pt-PT\",\"potentialAction\":[{\"@type\":\"ReadAction\",\"target\":[\"https:\/\/www.orangohotel.com\/pt-pt\/portfolio\/saida-especial-carnaval-carnaval-no-parque-nacional-de-orango-tradicao-cultura-e-natureza-na-guine-bissau\/\"]}]},{\"@type\":\"ImageObject\",\"inLanguage\":\"pt-PT\",\"@id\":\"https:\/\/www.orangohotel.com\/pt-pt\/portfolio\/saida-especial-carnaval-carnaval-no-parque-nacional-de-orango-tradicao-cultura-e-natureza-na-guine-bissau\/#primaryimage\",\"url\":\"https:\/\/www.orangohotel.com\/wp-content\/uploads\/2021\/03\/carnaval2-opt.jpg\",\"contentUrl\":\"https:\/\/www.orangohotel.com\/wp-content\/uploads\/2021\/03\/carnaval2-opt.jpg\",\"width\":446,\"height\":297},{\"@type\":\"BreadcrumbList\",\"@id\":\"https:\/\/www.orangohotel.com\/pt-pt\/portfolio\/saida-especial-carnaval-carnaval-no-parque-nacional-de-orango-tradicao-cultura-e-natureza-na-guine-bissau\/#breadcrumb\",\"itemListElement\":[{\"@type\":\"ListItem\",\"position\":1,\"name\":\"Portada\",\"item\":\"https:\/\/www.orangohotel.com\/pt-pt\/\"},{\"@type\":\"ListItem\",\"position\":2,\"name\":\"Portfolio\",\"item\":\"https:\/\/www.orangohotel.com\/portfolio\/\"},{\"@type\":\"ListItem\",\"position\":3,\"name\":\"CARNAVAL DE BISSAU\"}]},{\"@type\":\"WebSite\",\"@id\":\"https:\/\/www.orangohotel.com\/#website\",\"url\":\"https:\/\/www.orangohotel.com\/\",\"name\":\"Hotel Orango na Guin\u00e9 Bissau\",\"description\":\"Parque nacional de las Islas Orango\",\"potentialAction\":[{\"@type\":\"SearchAction\",\"target\":{\"@type\":\"EntryPoint\",\"urlTemplate\":\"https:\/\/www.orangohotel.com\/?s={search_term_string}\"},\"query-input\":{\"@type\":\"PropertyValueSpecification\",\"valueRequired\":true,\"valueName\":\"search_term_string\"}}],\"inLanguage\":\"pt-PT\"}]}<\/script>\n<!-- \/ Yoast SEO plugin. -->","yoast_head_json":{"title":"CARNAVAL DE BISSAU - Hotel Orango na Guin\u00e9 Bissau","robots":{"index":"index","follow":"follow","max-snippet":"max-snippet:-1","max-image-preview":"max-image-preview:large","max-video-preview":"max-video-preview:-1"},"canonical":"https:\/\/www.orangohotel.com\/pt-pt\/portfolio\/saida-especial-carnaval-carnaval-no-parque-nacional-de-orango-tradicao-cultura-e-natureza-na-guine-bissau\/","og_locale":"pt_PT","og_type":"article","og_title":"CARNAVAL DE BISSAU - Hotel Orango na Guin\u00e9 Bissau","og_description":"Este carnaval os proponemos descubrir Guinea Bissau.","og_url":"https:\/\/www.orangohotel.com\/pt-pt\/portfolio\/saida-especial-carnaval-carnaval-no-parque-nacional-de-orango-tradicao-cultura-e-natureza-na-guine-bissau\/","og_site_name":"Hotel Orango na Guin\u00e9 Bissau","article_modified_time":"2024-09-23T17:22:14+00:00","og_image":[{"width":446,"height":297,"url":"https:\/\/www.orangohotel.com\/wp-content\/uploads\/2021\/03\/carnaval2-opt.jpg","type":"image\/jpeg"}],"twitter_card":"summary_large_image","twitter_misc":{"Tempo estimado de leitura":"3 minutos"},"schema":{"@context":"https:\/\/schema.org","@graph":[{"@type":"WebPage","@id":"https:\/\/www.orangohotel.com\/pt-pt\/portfolio\/saida-especial-carnaval-carnaval-no-parque-nacional-de-orango-tradicao-cultura-e-natureza-na-guine-bissau\/","url":"https:\/\/www.orangohotel.com\/pt-pt\/portfolio\/saida-especial-carnaval-carnaval-no-parque-nacional-de-orango-tradicao-cultura-e-natureza-na-guine-bissau\/","name":"CARNAVAL DE BISSAU - Hotel Orango na Guin\u00e9 Bissau","isPartOf":{"@id":"https:\/\/www.orangohotel.com\/#website"},"primaryImageOfPage":{"@id":"https:\/\/www.orangohotel.com\/pt-pt\/portfolio\/saida-especial-carnaval-carnaval-no-parque-nacional-de-orango-tradicao-cultura-e-natureza-na-guine-bissau\/#primaryimage"},"image":{"@id":"https:\/\/www.orangohotel.com\/pt-pt\/portfolio\/saida-especial-carnaval-carnaval-no-parque-nacional-de-orango-tradicao-cultura-e-natureza-na-guine-bissau\/#primaryimage"},"thumbnailUrl":"https:\/\/www.orangohotel.com\/wp-content\/uploads\/2021\/03\/carnaval2-opt.jpg","datePublished":"2015-06-19T19:47:20+00:00","dateModified":"2024-09-23T17:22:14+00:00","breadcrumb":{"@id":"https:\/\/www.orangohotel.com\/pt-pt\/portfolio\/saida-especial-carnaval-carnaval-no-parque-nacional-de-orango-tradicao-cultura-e-natureza-na-guine-bissau\/#breadcrumb"},"inLanguage":"pt-PT","potentialAction":[{"@type":"ReadAction","target":["https:\/\/www.orangohotel.com\/pt-pt\/portfolio\/saida-especial-carnaval-carnaval-no-parque-nacional-de-orango-tradicao-cultura-e-natureza-na-guine-bissau\/"]}]},{"@type":"ImageObject","inLanguage":"pt-PT","@id":"https:\/\/www.orangohotel.com\/pt-pt\/portfolio\/saida-especial-carnaval-carnaval-no-parque-nacional-de-orango-tradicao-cultura-e-natureza-na-guine-bissau\/#primaryimage","url":"https:\/\/www.orangohotel.com\/wp-content\/uploads\/2021\/03\/carnaval2-opt.jpg","contentUrl":"https:\/\/www.orangohotel.com\/wp-content\/uploads\/2021\/03\/carnaval2-opt.jpg","width":446,"height":297},{"@type":"BreadcrumbList","@id":"https:\/\/www.orangohotel.com\/pt-pt\/portfolio\/saida-especial-carnaval-carnaval-no-parque-nacional-de-orango-tradicao-cultura-e-natureza-na-guine-bissau\/#breadcrumb","itemListElement":[{"@type":"ListItem","position":1,"name":"Portada","item":"https:\/\/www.orangohotel.com\/pt-pt\/"},{"@type":"ListItem","position":2,"name":"Portfolio","item":"https:\/\/www.orangohotel.com\/portfolio\/"},{"@type":"ListItem","position":3,"name":"CARNAVAL DE BISSAU"}]},{"@type":"WebSite","@id":"https:\/\/www.orangohotel.com\/#website","url":"https:\/\/www.orangohotel.com\/","name":"Hotel Orango na Guin\u00e9 Bissau","description":"Parque nacional de las Islas Orango","potentialAction":[{"@type":"SearchAction","target":{"@type":"EntryPoint","urlTemplate":"https:\/\/www.orangohotel.com\/?s={search_term_string}"},"query-input":{"@type":"PropertyValueSpecification","valueRequired":true,"valueName":"search_term_string"}}],"inLanguage":"pt-PT"}]}},"jetpack_sharing_enabled":true,"_links":{"self":[{"href":"https:\/\/www.orangohotel.com\/pt-pt\/wp-json\/wp\/v2\/avada_portfolio\/16017","targetHints":{"allow":["GET"]}}],"collection":[{"href":"https:\/\/www.orangohotel.com\/pt-pt\/wp-json\/wp\/v2\/avada_portfolio"}],"about":[{"href":"https:\/\/www.orangohotel.com\/pt-pt\/wp-json\/wp\/v2\/types\/avada_portfolio"}],"author":[{"embeddable":true,"href":"https:\/\/www.orangohotel.com\/pt-pt\/wp-json\/wp\/v2\/users\/1"}],"replies":[{"embeddable":true,"href":"https:\/\/www.orangohotel.com\/pt-pt\/wp-json\/wp\/v2\/comments?post=16017"}],"version-history":[{"count":10,"href":"https:\/\/www.orangohotel.com\/pt-pt\/wp-json\/wp\/v2\/avada_portfolio\/16017\/revisions"}],"predecessor-version":[{"id":21825,"href":"https:\/\/www.orangohotel.com\/pt-pt\/wp-json\/wp\/v2\/avada_portfolio\/16017\/revisions\/21825"}],"wp:featuredmedia":[{"embeddable":true,"href":"https:\/\/www.orangohotel.com\/pt-pt\/wp-json\/wp\/v2\/media\/19172"}],"wp:attachment":[{"href":"https:\/\/www.orangohotel.com\/pt-pt\/wp-json\/wp\/v2\/media?parent=16017"}],"wp:term":[{"taxonomy":"portfolio_category","embeddable":true,"href":"https:\/\/www.orangohotel.com\/pt-pt\/wp-json\/wp\/v2\/portfolio_category?post=16017"},{"taxonomy":"portfolio_skills","embeddable":true,"href":"https:\/\/www.orangohotel.com\/pt-pt\/wp-json\/wp\/v2\/portfolio_skills?post=16017"},{"taxonomy":"portfolio_tags","embeddable":true,"href":"https:\/\/www.orangohotel.com\/pt-pt\/wp-json\/wp\/v2\/portfolio_tags?post=16017"}],"curies":[{"name":"wp","href":"https:\/\/api.w.org\/{rel}","templated":true}]}}